{"id":51662,"date":"2026-09-06T09:58:22","date_gmt":"2026-09-06T07:58:22","guid":{"rendered":"https:\/\/villa-seligmann.de\/product\/vienna-berlin-paris-and-jazz\/"},"modified":"2026-09-06T10:01:41","modified_gmt":"2026-09-06T08:01:41","slug":"vienna-berlin-paris-and-jazz","status":"publish","type":"product","link":"https:\/\/villa-seligmann.de\/en\/product\/vienna-berlin-paris-and-jazz\/","title":{"rendered":"Vienna, Berlin, Paris, and Jazz"},"content":{"rendered":"<div class=\"wpb-content-wrapper\"><p>[vc_row][vc_column][vc_column_text css=&#8221;&#8221;]JOHANNES FLEISCHMANN, violin<br \/>\nPHILIPP SCHEUCHER, piano<br \/>\nBENNO URE, host<\/p>\n<p>World War I also brought a peaceful \u201cvirus\u201d to Europe: a \u201cmusical\u201d one. Kurt Weill: \u201cJazz appeared, in the midst of a period of heightened artistry, as a piece of nature, as the healthiest, most powerful form of artistic expression \u2026\u201d The leading figures of the avant-garde were electrified. <\/p>\n<p>Igor Stravinsky has sheet music sent to him from New York. He composes a ragtime and *The Soldier\u2019s Tale*. Erwin Schulhoff dances ecstatically all night long to the music of jazz combos and declares: \u201cI was the first in Europe to create art jazz, before Ravel, Hindemith, and Krenek.\u201d  <\/p>\n<p>Shimmies, ragtime, and the blues make their way into operas, symphonies, and chamber music. In Vienna, Wilhelm Grosz and Ernst Krenek create a sensation\u2014often met with hostility\u2014with a blend of their own compositions and jazz. In Berlin, Stefan Wolpe becomes the enfant terrible with his pounding rhythms, while George Antheil is dubbed the \u201cbad boy of music.\u201d Darius Milhaud, Artur Arthur Honegger, and Alexandre Tansman become heroes of France\u2019s New Music movement thanks to their incorporation of jazz elements.   <\/p>\n<p>Barely more than a decade later, the Nazi regime banned their music. Jazz was deemed \u201cdegenerate.\u201d Many of the \u201cjazz musicians\u201d fled Europe or were murdered.  <\/p>\n<p>This concert is a tribute to the leading figures of a unique era of innovation. They were inspired and motivated. Their fascination is ours.  <\/p>\n<hr>\n<p><em>The event is based on ideas and research by Benno Ure and Hartmut Krones and is being organized in collaboration with Universal Edition Vienna.<\/em>[\/vc_column_text][\/vc_column][\/vc_row][vc_row][vc_column]        <div class=\"accordion-holder\">\r\n            <div class=\"accordion gap\"\r\n                 id=\"accordion-6a9d4f2e39a2c\">\r\n                        <div class=\"card \">\r\n            <div class=\"card-header\" id=\"heading-6a9d4f2e39a2c0\" data-toggle=\"collapse\"\r\n                 data-target=\"#collapse-6a9d4f2e39a2c0\" aria-expanded=\"false\"\r\n                 aria-controls=\"collapse-6a9d4f2e39a2c0\">\r\n                <h4>Artists<\/h4>\r\n                <div class=\"arrow\"><\/div>\r\n            <\/div>\r\n            <div id=\"collapse-6a9d4f2e39a2c0\" class=\"collapse\" aria-labelledby=\"heading-6a9d4f2e39a2c0\"\r\n                 data-parent=\"#accordion-6a9d4f2e39a2c\">\r\n                <div class=\"card-body\"><\/p>\n<h6><a href=\"https:\/\/www.johannesfleischmann.at\"><strong><img class=\"\"><\/strong><\/a><\/h6>\n<h6><a href=\"https:\/\/www.johannesfleischmann.at\"><strong><span style=\"text-decoration: underline;\">Johannes Fleischmann<\/span><\/strong><\/a><\/h6>\n<p>Born into a musical family in Vienna, Johannes Fleischmann impresses both nationally and internationally as &#8220;The Viennese Violinist&#8221; with an impressive repertoire. This diversity and his passion for chamber music is reflected in his ongoing collaborations with renowned musicians. His solo debut at the Wiener Konzerthaus was followed by numerous international tours and his appointment as a cultural ambassador by the Austrian Foreign Ministry. Johannes Fleischmann teaches at the University of Music and Performing Arts Vienna as assistant to Elisabeth Kropfitsch and is the founder and artistic director of the Palais Coburg Matinee and the &#8220;Althofener Meisterklassen&#8221; in Carinthia.   <\/p>\n<hr>\n<p><strong><a href=\"https:\/\/villa-seligmann.de\/wp-content\/uploads\/2026\/09\/Jazz-Villa-Seligmann-2026-Programm-6-.tiff\"><img loading=\"lazy\" decoding=\"async\" class=\"alignnone wp-image-51640\" src=\"https:\/\/villa-seligmann.de\/wp-content\/uploads\/2026\/09\/Jazz-Villa-Seligmann-2026-Programm-6-.tiff\" alt=\"\" width=\"297\" height=\"198\"><\/a><\/strong><\/p>\n<p><a href=\"https:\/\/philippscheucher.com\/\" target=\"_blank\" rel=\"noopener\"><strong>Phillip Scheucher<\/strong> <\/a><\/p>\n<p>Born in Graz, he received piano instruction from Makus Schirmer, Ilja Scheps, and Markus Becker, as well as at the Royal College of Music in London. He was awarded the Beethoven-Haus Prize in Bonn and second prize at the International Beethoven Piano Competition in Vienna. He has achieved top placements in other competitions in Germany, Italy, South Africa, Denmark, and Spain. A particular focus of his work is contemporary music. He performs regularly in Europe, Asia, and the U.S. with the ensemble SYMPHONIACS. His most recent releases include a multi-award-winning duo album with violinist Cosima Soulez Larivi\u00e8re. Philipp Scheucher teaches piano at the Johann-Joseph-Fux Conservatory and lectures at the Anton Bruckner Private University. He is a B\u00f6sendorfer Artist.       <\/p>\n<hr>\n<p><img class=\"\"><\/p>\n<h6><span style=\"text-decoration: underline;\"><a href=\"https:\/\/de.wikipedia.org\/wiki\/Benno_Ure\"><strong>Benno Ure<\/strong><\/a><\/span><\/h6>\n<p>For many years, Benno Ure has been collecting forgotten sheet music, writing texts and presenting chamber music events. As co-author, he wrote the book &#8220;Tasten, T\u00f6ne und Tumulte&#8221;, which was enthusiastically received by critics and became a bestseller. Together with violinist Marietta Kratz from the Elbphilharmonie Orchestra, he founded the &#8220;Forgotten Notes Project&#8221;, in which numerous musicians have been involved for more than ten years with more than 20 programs. Benno Ure was Professor of Pediatric Surgery at Hannover Medical School until 2023.   <\/p>\n<hr>\n<p><span style=\"text-decoration: underline;\"><strong><img loading=\"lazy\" decoding=\"async\" class=\"alignnone wp-image-51651\" src=\"https:\/\/villa-seligmann.de\/wp-content\/uploads\/2026\/09\/Bildschirmfoto-2026-09-03-um-14.58.02.png\" alt=\"\" width=\"277\" height=\"189\" srcset=\"https:\/\/villa-seligmann.de\/wp-content\/uploads\/2026\/09\/Bildschirmfoto-2026-09-03-um-14.58.02.png 612w, https:\/\/villa-seligmann.de\/wp-content\/uploads\/2026\/09\/Bildschirmfoto-2026-09-03-um-14.58.02-400x273.png 400w, https:\/\/villa-seligmann.de\/wp-content\/uploads\/2026\/09\/Bildschirmfoto-2026-09-03-um-14.58.02-46x31.png 46w, https:\/\/villa-seligmann.de\/wp-content\/uploads\/2026\/09\/Bildschirmfoto-2026-09-03-um-14.58.02-250x171.png 250w, https:\/\/villa-seligmann.de\/wp-content\/uploads\/2026\/09\/Bildschirmfoto-2026-09-03-um-14.58.02-550x376.png 550w, https:\/\/villa-seligmann.de\/wp-content\/uploads\/2026\/09\/Bildschirmfoto-2026-09-03-um-14.58.02-600x410.png 600w\" sizes=\"auto, (max-width: 277px) 100vw, 277px\" \/><\/strong><\/span><\/p>\n<p><span style=\"text-decoration: underline;\"><strong>Hartmut Krones  <\/strong><\/span><\/p>\n<p>Born in Vienna in 1944, he studied music education, German language and literature, voice, vocal pedagogy, and musicology. He has been teaching at the University of Music and Performing Arts Vienna since 1970 and directed the \u201cInstitute for Musical Style Research\u201d from 2002 to 2013, which included the departments of \u201cStylistics and Performance Practice\u201d and the \u201cArnold Sch\u00f6nberg Research Center.\u201d His publications cover the areas of performance practice in early and contemporary music, musical symbolism and rhetoric, as well as 20th-century music and music history (including music in exile).  <\/p>\n                <\/div>\r\n            <\/div>\r\n        <\/div>\r\n                    <\/div>\r\n                    <\/div>\r\n        [\/vc_column][\/vc_row][vc_row][vc_column]        <div class=\"accordion-holder\">\r\n            <div class=\"accordion gap\"\r\n                 id=\"accordion-6a9d4f2e39af4\">\r\n                        <div class=\"card \">\r\n            <div class=\"card-header\" id=\"heading-6a9d4f2e39af41\" data-toggle=\"collapse\"\r\n                 data-target=\"#collapse-6a9d4f2e39af41\" aria-expanded=\"false\"\r\n                 aria-controls=\"collapse-6a9d4f2e39af41\">\r\n                <h4>Program<\/h4>\r\n                <div class=\"arrow\"><\/div>\r\n            <\/div>\r\n            <div id=\"collapse-6a9d4f2e39af41\" class=\"collapse\" aria-labelledby=\"heading-6a9d4f2e39af41\"\r\n                 data-parent=\"#accordion-6a9d4f2e39af4\">\r\n                <div class=\"card-body\"><\/p>\n<p class=\"p1\"><b>Igor Stravinsky ( <\/b>1882\u20131971)<b><br \/>\n<\/b>Rag-Time for Twelve Instruments, transcribed for piano by the composer (1919)<\/p>\n<p class=\"p1\"><b>Wilhelm Grosz ( <\/b>1894\u20131939) *<br \/>\n* Jazz Band for Violin and Piano (1924)<\/p>\n<p class=\"p1\"><b>Karol Rathaus ( <\/b>1902\u20131954)<br \/>\nSonata for Violin and Piano No. 1, Op. 14, II. Intermezzo (1926)<\/p>\n<p class=\"p1\"><b>Louis Gr\u00fcnberg ( <\/b>1884\u20131964) \u201c<br \/>\n\u201d Three Jazzets for Violin and Piano (1925) \u201c<br \/>\n\u201d III. Allegro ritmico<\/p>\n<p class=\"p1\"><b>M\u00e1ty\u00e1s Seiber ( <\/b>1905\u20131960)<br \/>\nFrom: Concert Piece for Violin and Piano (1955)<br \/>\nIn Memoriam Justus Zeyen<\/p>\n<p class=\"p1\"><b>Alexandre Tansman ( <\/b>1897\u20131986)<br \/>\nCinq pi\u00e8ces pour violon et piano (1931)<br \/>\nII. Chanson et boite a musique<br \/>\nIII. Mouvement perp\u00e9tuel<\/p>\n<p class=\"p1\">PAUSE<\/p>\n<p class=\"p1\"><strong>Stefan Wolpe<\/strong> (1902\u20131972)<br \/>\nSonata No. 1, Op. 1, for solo piano, Part 1 (1925)<\/p>\n<p class=\"p1\"><strong>V\u00edt\u011bzslava Kapr\u00e1lov\u00e1 ( <\/strong>1915\u20131940) \u201c<br \/>\n\u201d Elegy for Violin and Piano (1938)<\/p>\n<p class=\"p1\"><b>Erwin Schulhoff ( <\/b>1894\u20131942)<br \/>\nSonata for Solo Violin \u2013 Parts I and II (1927)<\/p>\n<p class=\"p1\"><b>Darius Milhaud ( <\/b>1892\u20131974)<br \/>\n: *Cin\u00e9ma-Fantaisie* based on *Le boeuf sur le toit*, Op. 58<br \/>\n: Arrangement for violin and piano (1920)<\/p>\n<p class=\"p1\"><b>George Gershwin ( <\/b>1898\u20131937) \u201c<br \/>\n\u201d \u201cMy Man\u2019s Gone Now\u201d \/ Arranged by Jascha Heifetz (1935)<\/p>\n<p>\n                <\/div>\r\n            <\/div>\r\n        <\/div>\r\n                    <\/div>\r\n                    <\/div>\r\n        [\/vc_column][\/vc_row][vc_row][vc_column][vc_column_text css=&#8221;&#8221;]<em>Tickets: 28\/18 (reduced: 8) euros. Due to limited seating, we ask that you register in advance through our online store, by email at <a target=\"_blank\" rel=\"noopener\">karten@villa-seligmann.de, or<\/a>by phone at 0511-844 887 200. <\/em><\/p>\n<hr>\n<p><span style=\"color: #999999;\"><em>Please note that we will be taking photos and videos during this event. The image material will be published on our website and\/or social media channels and used for press work. By participating, visitors to this event agree to this.  <\/em><\/span><\/p>\n<hr>\n<p>The event is being held in cooperation with the Konrad Adenauer Foundation.<br \/>\n<img loading=\"lazy\" decoding=\"async\" class=\"size-full wp-image-51648 alignleft\" src=\"https:\/\/villa-seligmann.de\/wp-content\/uploads\/2026\/09\/Bildschirmfoto-2026-09-03-um-14.41.00.png\" alt=\"\" width=\"306\" height=\"134\" srcset=\"https:\/\/villa-seligmann.de\/wp-content\/uploads\/2026\/09\/Bildschirmfoto-2026-09-03-um-14.41.00.png 306w, https:\/\/villa-seligmann.de\/wp-content\/uploads\/2026\/09\/Bildschirmfoto-2026-09-03-um-14.41.00-46x20.png 46w, https:\/\/villa-seligmann.de\/wp-content\/uploads\/2026\/09\/Bildschirmfoto-2026-09-03-um-14.41.00-250x109.png 250w\" sizes=\"auto, (max-width: 306px) 100vw, 306px\" \/>[\/vc_column_text][\/vc_column][\/vc_row]<\/p>\n<\/div>","protected":false},"excerpt":{"rendered":"<p><strong>Works by Stravinsky, Schulhoff, Wolpe, and others<\/strong><\/p>\n<p>, Johannes Fleischmann, Phillip Scheucher, and Benno Ure<\/p>\n","protected":false},"featured_media":51656,"comment_status":"open","ping_status":"closed","template":"","meta":{"_acf_changed":false},"product_brand":[],"product_cat":[186,178],"product_tag":[187,232,332,1003,1025],"class_list":["post-51662","product","type-product","status-publish","has-post-thumbnail","product_cat-concerts","product_cat-events","product_tag-concert","product_tag-chamber-music","product_tag-lecture","product_tag-jazz","product_tag-composers","first","instock","taxable","shipping-taxable","purchasable","product-type-variable"],"acf":[],"yoast_head":"<!-- This site is optimized with the Yoast SEO plugin v28.2 - https:\/\/yoast.com\/product\/yoast-seo-wordpress\/ -->\n<title>Vienna, Berlin, Paris, and Jazz - Villa Seligmann<\/title>\n<meta name=\"description\" content=\"Concert featuring Benno Ure, Johannes Fleischmann, and Phillip Scheucher. This concert pays tribute to the leading figures of a unique era of innovation.\" \/>\n<meta name=\"robots\" content=\"index, follow, max-snippet:-1, max-image-preview:large, max-video-preview:-1\" \/>\n<link rel=\"canonical\" href=\"https:\/\/villa-seligmann.de\/en\/product\/vienna-berlin-paris-and-jazz\/\" \/>\n<meta property=\"og:locale\" content=\"en_US\" \/>\n<meta property=\"og:type\" content=\"article\" \/>\n<meta property=\"og:title\" content=\"Vienna, Berlin, Paris, and Jazz - Villa Seligmann\" \/>\n<meta property=\"og:description\" content=\"Concert featuring Benno Ure, Johannes Fleischmann, and Phillip Scheucher. This concert pays tribute to the leading figures of a unique era of innovation.\" \/>\n<meta property=\"og:url\" content=\"https:\/\/villa-seligmann.de\/en\/product\/vienna-berlin-paris-and-jazz\/\" \/>\n<meta property=\"og:site_name\" content=\"Villa Seligmann\" \/>\n<meta property=\"article:publisher\" content=\"https:\/\/www.facebook.com\/villa.seligmann\/\" \/>\n<meta property=\"article:modified_time\" content=\"2026-09-06T08:01:41+00:00\" \/>\n<meta property=\"og:image\" content=\"https:\/\/villa-seligmann.de\/wp-content\/uploads\/2026\/09\/315-1200x675.png\" \/>\n\t<meta property=\"og:image:width\" content=\"1200\" \/>\n\t<meta property=\"og:image:height\" content=\"675\" \/>\n\t<meta property=\"og:image:type\" content=\"image\/png\" \/>\n<meta name=\"twitter:card\" content=\"summary_large_image\" \/>\n<meta name=\"twitter:label1\" content=\"Est. reading time\" \/>\n\t<meta name=\"twitter:data1\" content=\"5 minutes\" \/>\n<script type=\"application\/ld+json\" class=\"yoast-schema-graph\">{\"@context\":\"https:\\\/\\\/schema.org\",\"@graph\":[{\"@type\":\"WebPage\",\"@id\":\"https:\\\/\\\/villa-seligmann.de\\\/en\\\/product\\\/vienna-berlin-paris-and-jazz\\\/\",\"url\":\"https:\\\/\\\/villa-seligmann.de\\\/en\\\/product\\\/vienna-berlin-paris-and-jazz\\\/\",\"name\":\"Vienna, Berlin, Paris, and Jazz - Villa Seligmann\",\"isPartOf\":{\"@id\":\"https:\\\/\\\/villa-seligmann.de\\\/en\\\/#website\"},\"primaryImageOfPage\":{\"@id\":\"https:\\\/\\\/villa-seligmann.de\\\/en\\\/product\\\/vienna-berlin-paris-and-jazz\\\/#primaryimage\"},\"image\":{\"@id\":\"https:\\\/\\\/villa-seligmann.de\\\/en\\\/product\\\/vienna-berlin-paris-and-jazz\\\/#primaryimage\"},\"thumbnailUrl\":\"https:\\\/\\\/villa-seligmann.de\\\/wp-content\\\/uploads\\\/2026\\\/09\\\/315.png\",\"datePublished\":\"2026-09-06T07:58:22+00:00\",\"dateModified\":\"2026-09-06T08:01:41+00:00\",\"description\":\"Concert featuring Benno Ure, Johannes Fleischmann, and Phillip Scheucher. This concert pays tribute to the leading figures of a unique era of innovation.\",\"breadcrumb\":{\"@id\":\"https:\\\/\\\/villa-seligmann.de\\\/en\\\/product\\\/vienna-berlin-paris-and-jazz\\\/#breadcrumb\"},\"inLanguage\":\"en-US\",\"potentialAction\":[{\"@type\":\"ReadAction\",\"target\":[\"https:\\\/\\\/villa-seligmann.de\\\/en\\\/product\\\/vienna-berlin-paris-and-jazz\\\/\"]}]},{\"@type\":\"ImageObject\",\"inLanguage\":\"en-US\",\"@id\":\"https:\\\/\\\/villa-seligmann.de\\\/en\\\/product\\\/vienna-berlin-paris-and-jazz\\\/#primaryimage\",\"url\":\"https:\\\/\\\/villa-seligmann.de\\\/wp-content\\\/uploads\\\/2026\\\/09\\\/315.png\",\"contentUrl\":\"https:\\\/\\\/villa-seligmann.de\\\/wp-content\\\/uploads\\\/2026\\\/09\\\/315.png\",\"width\":5000,\"height\":2812},{\"@type\":\"BreadcrumbList\",\"@id\":\"https:\\\/\\\/villa-seligmann.de\\\/en\\\/product\\\/vienna-berlin-paris-and-jazz\\\/#breadcrumb\",\"itemListElement\":[{\"@type\":\"ListItem\",\"position\":1,\"name\":\"Startseite\",\"item\":\"https:\\\/\\\/villa-seligmann.de\\\/en\\\/your-address-for-living-jewish-culture-in-hanover\\\/\"},{\"@type\":\"ListItem\",\"position\":2,\"name\":\"Store\",\"item\":\"https:\\\/\\\/villa-seligmann.de\\\/en\\\/store\\\/\"},{\"@type\":\"ListItem\",\"position\":3,\"name\":\"Vienna, Berlin, Paris, and Jazz\"}]},{\"@type\":\"WebSite\",\"@id\":\"https:\\\/\\\/villa-seligmann.de\\\/en\\\/#website\",\"url\":\"https:\\\/\\\/villa-seligmann.de\\\/en\\\/\",\"name\":\"Villa Seligmann\",\"description\":\"\",\"potentialAction\":[{\"@type\":\"SearchAction\",\"target\":{\"@type\":\"EntryPoint\",\"urlTemplate\":\"https:\\\/\\\/villa-seligmann.de\\\/en\\\/?s={search_term_string}\"},\"query-input\":{\"@type\":\"PropertyValueSpecification\",\"valueRequired\":true,\"valueName\":\"search_term_string\"}}],\"inLanguage\":\"en-US\"}]}<\/script>\n<!-- \/ Yoast SEO plugin. -->","yoast_head_json":{"title":"Vienna, Berlin, Paris, and Jazz - Villa Seligmann","description":"Concert featuring Benno Ure, Johannes Fleischmann, and Phillip Scheucher. This concert pays tribute to the leading figures of a unique era of innovation.","robots":{"index":"index","follow":"follow","max-snippet":"max-snippet:-1","max-image-preview":"max-image-preview:large","max-video-preview":"max-video-preview:-1"},"canonical":"https:\/\/villa-seligmann.de\/en\/product\/vienna-berlin-paris-and-jazz\/","og_locale":"en_US","og_type":"article","og_title":"Vienna, Berlin, Paris, and Jazz - Villa Seligmann","og_description":"Concert featuring Benno Ure, Johannes Fleischmann, and Phillip Scheucher. This concert pays tribute to the leading figures of a unique era of innovation.","og_url":"https:\/\/villa-seligmann.de\/en\/product\/vienna-berlin-paris-and-jazz\/","og_site_name":"Villa Seligmann","article_publisher":"https:\/\/www.facebook.com\/villa.seligmann\/","article_modified_time":"2026-09-06T08:01:41+00:00","og_image":[{"width":1200,"height":675,"url":"https:\/\/villa-seligmann.de\/wp-content\/uploads\/2026\/09\/315-1200x675.png","type":"image\/png"}],"twitter_card":"summary_large_image","twitter_misc":{"Est. reading time":"5 minutes"},"schema":{"@context":"https:\/\/schema.org","@graph":[{"@type":"WebPage","@id":"https:\/\/villa-seligmann.de\/en\/product\/vienna-berlin-paris-and-jazz\/","url":"https:\/\/villa-seligmann.de\/en\/product\/vienna-berlin-paris-and-jazz\/","name":"Vienna, Berlin, Paris, and Jazz - Villa Seligmann","isPartOf":{"@id":"https:\/\/villa-seligmann.de\/en\/#website"},"primaryImageOfPage":{"@id":"https:\/\/villa-seligmann.de\/en\/product\/vienna-berlin-paris-and-jazz\/#primaryimage"},"image":{"@id":"https:\/\/villa-seligmann.de\/en\/product\/vienna-berlin-paris-and-jazz\/#primaryimage"},"thumbnailUrl":"https:\/\/villa-seligmann.de\/wp-content\/uploads\/2026\/09\/315.png","datePublished":"2026-09-06T07:58:22+00:00","dateModified":"2026-09-06T08:01:41+00:00","description":"Concert featuring Benno Ure, Johannes Fleischmann, and Phillip Scheucher. This concert pays tribute to the leading figures of a unique era of innovation.","breadcrumb":{"@id":"https:\/\/villa-seligmann.de\/en\/product\/vienna-berlin-paris-and-jazz\/#breadcrumb"},"inLanguage":"en-US","potentialAction":[{"@type":"ReadAction","target":["https:\/\/villa-seligmann.de\/en\/product\/vienna-berlin-paris-and-jazz\/"]}]},{"@type":"ImageObject","inLanguage":"en-US","@id":"https:\/\/villa-seligmann.de\/en\/product\/vienna-berlin-paris-and-jazz\/#primaryimage","url":"https:\/\/villa-seligmann.de\/wp-content\/uploads\/2026\/09\/315.png","contentUrl":"https:\/\/villa-seligmann.de\/wp-content\/uploads\/2026\/09\/315.png","width":5000,"height":2812},{"@type":"BreadcrumbList","@id":"https:\/\/villa-seligmann.de\/en\/product\/vienna-berlin-paris-and-jazz\/#breadcrumb","itemListElement":[{"@type":"ListItem","position":1,"name":"Startseite","item":"https:\/\/villa-seligmann.de\/en\/your-address-for-living-jewish-culture-in-hanover\/"},{"@type":"ListItem","position":2,"name":"Store","item":"https:\/\/villa-seligmann.de\/en\/store\/"},{"@type":"ListItem","position":3,"name":"Vienna, Berlin, Paris, and Jazz"}]},{"@type":"WebSite","@id":"https:\/\/villa-seligmann.de\/en\/#website","url":"https:\/\/villa-seligmann.de\/en\/","name":"Villa Seligmann","description":"","potentialAction":[{"@type":"SearchAction","target":{"@type":"EntryPoint","urlTemplate":"https:\/\/villa-seligmann.de\/en\/?s={search_term_string}"},"query-input":{"@type":"PropertyValueSpecification","valueRequired":true,"valueName":"search_term_string"}}],"inLanguage":"en-US"}]}},"_links":{"self":[{"href":"https:\/\/villa-seligmann.de\/en\/wp-json\/wp\/v2\/product\/51662","targetHints":{"allow":["GET"]}}],"collection":[{"href":"https:\/\/villa-seligmann.de\/en\/wp-json\/wp\/v2\/product"}],"about":[{"href":"https:\/\/villa-seligmann.de\/en\/wp-json\/wp\/v2\/types\/product"}],"replies":[{"embeddable":true,"href":"https:\/\/villa-seligmann.de\/en\/wp-json\/wp\/v2\/comments?post=51662"}],"wp:featuredmedia":[{"embeddable":true,"href":"https:\/\/villa-seligmann.de\/en\/wp-json\/wp\/v2\/media\/51656"}],"wp:attachment":[{"href":"https:\/\/villa-seligmann.de\/en\/wp-json\/wp\/v2\/media?parent=51662"}],"wp:term":[{"taxonomy":"product_brand","embeddable":true,"href":"https:\/\/villa-seligmann.de\/en\/wp-json\/wp\/v2\/product_brand?post=51662"},{"taxonomy":"product_cat","embeddable":true,"href":"https:\/\/villa-seligmann.de\/en\/wp-json\/wp\/v2\/product_cat?post=51662"},{"taxonomy":"product_tag","embeddable":true,"href":"https:\/\/villa-seligmann.de\/en\/wp-json\/wp\/v2\/product_tag?post=51662"}],"curies":[{"name":"wp","href":"https:\/\/api.w.org\/{rel}","templated":true}]}}