{"id":44480,"date":"2025-01-27T15:57:39","date_gmt":"2025-01-27T14:57:39","guid":{"rendered":"https:\/\/villa-seligmann.de\/?post_type=product&#038;p=44480"},"modified":"2025-11-19T13:46:22","modified_gmt":"2025-11-19T12:46:22","slug":"chamber-concert-with-einav-yarden-and-natalie-clein-kopie","status":"publish","type":"product","link":"https:\/\/villa-seligmann.de\/en\/product\/chamber-concert-with-einav-yarden-and-natalie-clein-kopie\/","title":{"rendered":"Chamber music concert with Tanja Becker-Bender and Sofya Melikyan"},"content":{"rendered":"<div class=\"wpb-content-wrapper\"><p>[vc_row][vc_column][vc_column_text css=&#8221;&#8221;]<strong>Sofya Melikyan, piano<\/strong><br \/>\n<b>Tanja Becker-Bender, violin<\/b><\/p>\n<p>More information coming soon.<\/p>\n<p><strong>Program<\/strong><\/p>\n<p>Darius Milhaud (1892-1974)<br \/>\n<em>Sonata No. 2 for violin and piano (1917)<\/em><\/p>\n<p>Germaine Tailleferre (1892-1983)<br \/>\n<em>Sonata for Violin and Piano No. 1 (1921)<\/em><\/p>\n<p>Bohuslav Martin\u016f (1890-1959)<br \/>\n<em>Sonata for Violin and Piano No. 1 (1929)<\/em><\/p>\n<p>Reynaldo Hahn (1874-1947)<br \/>\n<em>Sonata for violin and piano in C major (1926)<\/em><\/p>\n<p>Erwin Schulhoff (1894-1942)<br \/>\n<em>2nd Sonata for violin and piano (1927)<\/em><\/p>\n<p>&nbsp;<\/p>\n<hr>\n<p style=\"text-align: left;\"><span style=\"color: #993300;\">The concert is part of the three-part concert series <\/span><strong style=\"color: #993300;\">&#8220;International soloists at the Villa Seligmann&#8221;<\/strong><span style=\"color: #993300;\">.<\/span><br \/>\n<span style=\"color: #993300;\">The series also includes the chamber concerts<span style=\"color: #991a14;\">on<\/span><\/span><span style=\"color: #991a14;\"> <a style=\"color: #991a14;\" href=\"https:\/\/villa-seligmann.de\/en\/product\/jewish-sages-and-prayers\/\"><b>February 08 with Tatjana Vassiljeva-Monnier, Dmitri Makthin and Plamena Mangova<\/b><\/a> and on <a style=\"color: #991a14;\" href=\"https:\/\/villa-seligmann.de\/product\/kammerkonzert-mit-einav-yarden-und-natalie-clein\/\"><strong>25<\/strong><\/a><strong>. <a style=\"color: #991a14;\" href=\"https:\/\/villa-seligmann.de\/product\/kammerkonzert-mit-einav-yarden-und-natalie-clein\/\">May 2025 with Einav Yarden (piano) and Natalie Clein (cello)<\/a>.<\/strong><\/span><\/p>\n<p><span style=\"color: #991a14;\">Discounted <strong>combined tickets<\/strong> for the entire concert series can be booked, which entitle the holder to admission to all concerts in the booked seating category:  <\/span>[\/vc_column_text][\/vc_column][\/vc_row][vc_row][vc_column]        <div class=\"accordion-holder\">\r\n            <div class=\"accordion gap\"\r\n                 id=\"accordion-69ef1ba0c574f\">\r\n                        <div class=\"card \">\r\n            <div class=\"card-header\" id=\"heading-69ef1ba0c574f0\" data-toggle=\"collapse\"\r\n                 data-target=\"#collapse-69ef1ba0c574f0\" aria-expanded=\"false\"\r\n                 aria-controls=\"collapse-69ef1ba0c574f0\">\r\n                <h4>Artists:inside<\/h4>\r\n                <div class=\"arrow\"><\/div>\r\n            <\/div>\r\n            <div id=\"collapse-69ef1ba0c574f0\" class=\"collapse\" aria-labelledby=\"heading-69ef1ba0c574f0\"\r\n                 data-parent=\"#accordion-69ef1ba0c574f\">\r\n                <div class=\"card-body\"><p><a href=\"http:\/\/www.tanja-becker-bender.de\/german\/vita.php\">Tanja Becker-Bender<\/a> received her musical training from some of the leading quartet musicians of our time: after her junior studies with Wilhelm Melcher (Melos Quartet) at the Musikhochschule Stuttgart, she studied with G\u00fcnter Pichler (Alban Berg Quartet) at the University of Music in Vienna. She then completed her Artist Diploma with Robert Mann (Juilliard String Quartet) at the Juilliard School in New York. She received further inspiration there from the Bart\u00f3k pupil Gy\u00f6rgy S\u00e1ndor as well as from Eberhard Feltz in Berlin and Ferenc Rados in Budapest. She received numerous awards at international competitions early on. In 2006, she succeeded Maxim Vengerov as professor in Saarbr\u00fccken. Another professorship in Hamburg in 2009. Becker-Bender dedicates herself to a wide range of violin repertoire, from baroque violin to collaborations with contemporary composers such as Crist\u00f3bal Halffter and Peter Ruzicka and world premieres of works by Rolf Hempel, Benedict Mason and Alexander Goehr.<\/p>\n<p><a href=\"https:\/\/sofyamelikyan.net\">Sofya Melikyan<\/a> was born in Armenia and began her pianistic training at the Tchaikovsky School in Yerevan with Anahit Shajbazyan. She completed her further training at the Royal Conservatory in Madrid with Joaquin Soriano, at the \u00c9cole Normale de Musique Alfred Cortot in Paris with Ramzi Yassa and at the Manhattan School of Music in New York with Solomon Mikowsky. She is praised as &#8220;a highly sensitive interpreter who always subordinates technical aspects to rhetoric&#8221; (Remy Franck, Pizzicato) and &#8220;a musician with a strong, self-confident voice&#8221; (Klassik Heute). She regularly performs worldwide as a soloist and with orchestras. As a prizewinner of numerous international piano competitions, her performances have been broadcast on television stations (including Deutschlandfunk and WDR 3).  <\/p>\n                <\/div>\r\n            <\/div>\r\n        <\/div>\r\n                    <\/div>\r\n                    <\/div>\r\n        [\/vc_column][\/vc_row][vc_row][vc_column]        <div class=\"row\">\r\n            <div class=\"col-12 \">\r\n                                <a\r\n                                            href=\"https:\/\/villa-seligmann.de\/en\/product\/international-soloists-at-the-villa-seligmann\/\"\r\n                        target=\"\"\r\n                        rel=\"\"\r\n                        aria-label=\"Link zu https:\/\/villa-seligmann.de\/en\/product\/international-soloists-at-the-villa-seligmann\/ \u00f6ffnen\"\r\n                        class=\"btn btn-default btn-  btn-69ef1ba0c57f9\"\r\n                >\r\n                    Kombitickets                <\/a>\r\n            <\/div>\r\n        <\/div>\r\n        [\/vc_column][\/vc_row][vc_row][vc_column][vc_column_text css=&#8221;&#8221;]<\/p>\n<hr>\n<p>One-way tickets for the concert on June 18 at \u20ac 23\/18\/8 (reduced) are available in the webshop, at <a href=\"mailto:karten@villa-seligmann.de\">karten@villa-seligmann.de<\/a> or by calling 0511 844887-200.<\/p>\n<p>Admission is open from 6.30 pm.<\/p>\n<hr>\n<p><span style=\"color: #999999;\"><em>Please note that we will be taking photos and videos during this event. The image material will be published on our website and\/or social media channels and used for press work. By participating, visitors to this event agree to this.<\/em><\/span>[\/vc_column_text][\/vc_column][\/vc_row][vc_row][vc_column][vc_column_text css=&#8221;&#8221;]<em>The concert is sponsored by the &#8220;Freunde der Villa Seligmann e. V.&#8221;<\/em><\/p>\n<p><img loading=\"lazy\" decoding=\"async\" class=\"alignnone wp-image-42742\" src=\"https:\/\/villa-seligmann.de\/wp-content\/uploads\/2024\/09\/Logo-FVS-1-e1726567456736.png\" alt=\"\" width=\"122\" height=\"160\" srcset=\"https:\/\/villa-seligmann.de\/wp-content\/uploads\/2024\/09\/Logo-FVS-1-e1726567456736.png 305w, https:\/\/villa-seligmann.de\/wp-content\/uploads\/2024\/09\/Logo-FVS-1-e1726567456736-35x46.png 35w, https:\/\/villa-seligmann.de\/wp-content\/uploads\/2024\/09\/Logo-FVS-1-e1726567456736-189x250.png 189w\" sizes=\"auto, (max-width: 122px) 100vw, 122px\" \/>[\/vc_column_text][\/vc_column][\/vc_row][vc_row][vc_column][vc_gallery interval=&#8221;3&#8243; images=&#8221;47668,47671,47674,47677,47680&#8243; css=&#8221;&#8221;][vc_column_text css=&#8221;&#8221;]Photos: \u00a9 Heiner Schlote[\/vc_column_text][\/vc_column][\/vc_row]<\/p>\n<\/div>","protected":false},"excerpt":{"rendered":"<p>From the chamber music triptych &#8220;International Soloists at the Villa Seligmann&#8221;<\/p>\n","protected":false},"featured_media":44577,"comment_status":"open","ping_status":"closed","template":"","meta":{"_acf_changed":false},"product_brand":[],"product_cat":[178,186],"product_tag":[187,232],"class_list":{"0":"post-44480","1":"product","2":"type-product","3":"status-publish","4":"has-post-thumbnail","6":"product_cat-events","7":"product_cat-concerts","8":"product_tag-concert","9":"product_tag-chamber-music","11":"first","12":"instock","13":"taxable","14":"shipping-taxable","15":"purchasable","16":"product-type-variable"},"acf":[],"yoast_head":"<!-- This site is optimized with the Yoast SEO plugin v27.2 - https:\/\/yoast.com\/product\/yoast-seo-wordpress\/ -->\n<title>Chamber music concert with Tanja Becker-Bender and Sofya Melikyan - Villa Seligmann<\/title>\n<meta name=\"description\" content=\"Chamber concert with Tanja Becker-Bender and Sofya Melikian: The third part of the concert series &quot;International Soloists at Villa Seligmann&quot;\" \/>\n<meta name=\"robots\" content=\"index, follow, max-snippet:-1, max-image-preview:large, max-video-preview:-1\" \/>\n<link rel=\"canonical\" href=\"https:\/\/villa-seligmann.de\/en\/product\/chamber-concert-with-einav-yarden-and-natalie-clein-kopie\/\" \/>\n<meta property=\"og:locale\" content=\"en_US\" \/>\n<meta property=\"og:type\" content=\"article\" \/>\n<meta property=\"og:title\" content=\"Chamber music concert with Tanja Becker-Bender and Sofya Melikyan - Villa Seligmann\" \/>\n<meta property=\"og:description\" content=\"Chamber concert with Tanja Becker-Bender and Sofya Melikian: The third part of the concert series &quot;International Soloists at Villa Seligmann&quot;\" \/>\n<meta property=\"og:url\" content=\"https:\/\/villa-seligmann.de\/en\/product\/chamber-concert-with-einav-yarden-and-natalie-clein-kopie\/\" \/>\n<meta property=\"og:site_name\" content=\"Villa Seligmann\" \/>\n<meta property=\"article:publisher\" content=\"https:\/\/www.facebook.com\/villa.seligmann\/\" \/>\n<meta property=\"article:modified_time\" content=\"2025-11-19T12:46:22+00:00\" \/>\n<meta property=\"og:image\" content=\"https:\/\/villa-seligmann.de\/wp-content\/uploads\/2025\/01\/Header-Startseite-neue-Website-44-1.jpg\" \/>\n\t<meta property=\"og:image:width\" content=\"1920\" \/>\n\t<meta property=\"og:image:height\" content=\"1080\" \/>\n\t<meta property=\"og:image:type\" content=\"image\/jpeg\" \/>\n<meta name=\"twitter:card\" content=\"summary_large_image\" \/>\n<meta name=\"twitter:label1\" content=\"Est. reading time\" \/>\n\t<meta name=\"twitter:data1\" content=\"3 minutes\" \/>\n<script type=\"application\/ld+json\" class=\"yoast-schema-graph\">{\"@context\":\"https:\/\/schema.org\",\"@graph\":[{\"@type\":\"WebPage\",\"@id\":\"https:\/\/villa-seligmann.de\/en\/product\/chamber-concert-with-einav-yarden-and-natalie-clein-kopie\/\",\"url\":\"https:\/\/villa-seligmann.de\/en\/product\/chamber-concert-with-einav-yarden-and-natalie-clein-kopie\/\",\"name\":\"Chamber music concert with Tanja Becker-Bender and Sofya Melikyan - Villa Seligmann\",\"isPartOf\":{\"@id\":\"https:\/\/villa-seligmann.de\/en\/#website\"},\"primaryImageOfPage\":{\"@id\":\"https:\/\/villa-seligmann.de\/en\/product\/chamber-concert-with-einav-yarden-and-natalie-clein-kopie\/#primaryimage\"},\"image\":{\"@id\":\"https:\/\/villa-seligmann.de\/en\/product\/chamber-concert-with-einav-yarden-and-natalie-clein-kopie\/#primaryimage\"},\"thumbnailUrl\":\"https:\/\/villa-seligmann.de\/wp-content\/uploads\/2025\/01\/Header-Startseite-neue-Website-44-1.jpg\",\"datePublished\":\"2025-01-27T14:57:39+00:00\",\"dateModified\":\"2025-11-19T12:46:22+00:00\",\"description\":\"Chamber concert with Tanja Becker-Bender and Sofya Melikian: The third part of the concert series \\\"International Soloists at Villa Seligmann\\\"\",\"breadcrumb\":{\"@id\":\"https:\/\/villa-seligmann.de\/en\/product\/chamber-concert-with-einav-yarden-and-natalie-clein-kopie\/#breadcrumb\"},\"inLanguage\":\"en-US\",\"potentialAction\":[{\"@type\":\"ReadAction\",\"target\":[\"https:\/\/villa-seligmann.de\/en\/product\/chamber-concert-with-einav-yarden-and-natalie-clein-kopie\/\"]}]},{\"@type\":\"ImageObject\",\"inLanguage\":\"en-US\",\"@id\":\"https:\/\/villa-seligmann.de\/en\/product\/chamber-concert-with-einav-yarden-and-natalie-clein-kopie\/#primaryimage\",\"url\":\"https:\/\/villa-seligmann.de\/wp-content\/uploads\/2025\/01\/Header-Startseite-neue-Website-44-1.jpg\",\"contentUrl\":\"https:\/\/villa-seligmann.de\/wp-content\/uploads\/2025\/01\/Header-Startseite-neue-Website-44-1.jpg\",\"width\":1920,\"height\":1080},{\"@type\":\"BreadcrumbList\",\"@id\":\"https:\/\/villa-seligmann.de\/en\/product\/chamber-concert-with-einav-yarden-and-natalie-clein-kopie\/#breadcrumb\",\"itemListElement\":[{\"@type\":\"ListItem\",\"position\":1,\"name\":\"Startseite\",\"item\":\"https:\/\/villa-seligmann.de\/en\/your-address-for-living-jewish-culture-in-hanover\/\"},{\"@type\":\"ListItem\",\"position\":2,\"name\":\"Store\",\"item\":\"https:\/\/villa-seligmann.de\/en\/store\/\"},{\"@type\":\"ListItem\",\"position\":3,\"name\":\"Chamber music concert with Tanja Becker-Bender and Sofya Melikyan\"}]},{\"@type\":\"WebSite\",\"@id\":\"https:\/\/villa-seligmann.de\/en\/#website\",\"url\":\"https:\/\/villa-seligmann.de\/en\/\",\"name\":\"Villa Seligmann\",\"description\":\"\",\"publisher\":{\"@id\":\"https:\/\/villa-seligmann.de\/en\/#organization\"},\"potentialAction\":[{\"@type\":\"SearchAction\",\"target\":{\"@type\":\"EntryPoint\",\"urlTemplate\":\"https:\/\/villa-seligmann.de\/en\/?s={search_term_string}\"},\"query-input\":{\"@type\":\"PropertyValueSpecification\",\"valueRequired\":true,\"valueName\":\"search_term_string\"}}],\"inLanguage\":\"en-US\"},{\"@type\":\"Organization\",\"@id\":\"https:\/\/villa-seligmann.de\/en\/#organization\",\"name\":\"Siegmund Seligmann Gesellschaft e.V.\",\"url\":\"https:\/\/villa-seligmann.de\/en\/\",\"logo\":{\"@type\":\"ImageObject\",\"inLanguage\":\"en-US\",\"@id\":\"https:\/\/villa-seligmann.de\/en\/#\/schema\/logo\/image\/\",\"url\":\"http:\/\/villa-seligmann.com\/wp-content\/uploads\/2023\/09\/Logo-Villa-Seligmann.svg\",\"contentUrl\":\"http:\/\/villa-seligmann.com\/wp-content\/uploads\/2023\/09\/Logo-Villa-Seligmann.svg\",\"width\":1278,\"height\":902,\"caption\":\"Siegmund Seligmann Gesellschaft e.V.\"},\"image\":{\"@id\":\"https:\/\/villa-seligmann.de\/en\/#\/schema\/logo\/image\/\"},\"sameAs\":[\"https:\/\/www.facebook.com\/villa.seligmann\/\",\"https:\/\/www.youtube.com\/channel\/UCv0CtyCbwPHMOb-cmdsXcjw\",\"https:\/\/www.instagram.com\/villaseligmann\/\"]}]}<\/script>\n<!-- \/ Yoast SEO plugin. -->","yoast_head_json":{"title":"Chamber music concert with Tanja Becker-Bender and Sofya Melikyan - Villa Seligmann","description":"Chamber concert with Tanja Becker-Bender and Sofya Melikian: The third part of the concert series \"International Soloists at Villa Seligmann\"","robots":{"index":"index","follow":"follow","max-snippet":"max-snippet:-1","max-image-preview":"max-image-preview:large","max-video-preview":"max-video-preview:-1"},"canonical":"https:\/\/villa-seligmann.de\/en\/product\/chamber-concert-with-einav-yarden-and-natalie-clein-kopie\/","og_locale":"en_US","og_type":"article","og_title":"Chamber music concert with Tanja Becker-Bender and Sofya Melikyan - Villa Seligmann","og_description":"Chamber concert with Tanja Becker-Bender and Sofya Melikian: The third part of the concert series \"International Soloists at Villa Seligmann\"","og_url":"https:\/\/villa-seligmann.de\/en\/product\/chamber-concert-with-einav-yarden-and-natalie-clein-kopie\/","og_site_name":"Villa Seligmann","article_publisher":"https:\/\/www.facebook.com\/villa.seligmann\/","article_modified_time":"2025-11-19T12:46:22+00:00","og_image":[{"width":1920,"height":1080,"url":"https:\/\/villa-seligmann.de\/wp-content\/uploads\/2025\/01\/Header-Startseite-neue-Website-44-1.jpg","type":"image\/jpeg"}],"twitter_card":"summary_large_image","twitter_misc":{"Est. reading time":"3 minutes"},"schema":{"@context":"https:\/\/schema.org","@graph":[{"@type":"WebPage","@id":"https:\/\/villa-seligmann.de\/en\/product\/chamber-concert-with-einav-yarden-and-natalie-clein-kopie\/","url":"https:\/\/villa-seligmann.de\/en\/product\/chamber-concert-with-einav-yarden-and-natalie-clein-kopie\/","name":"Chamber music concert with Tanja Becker-Bender and Sofya Melikyan - Villa Seligmann","isPartOf":{"@id":"https:\/\/villa-seligmann.de\/en\/#website"},"primaryImageOfPage":{"@id":"https:\/\/villa-seligmann.de\/en\/product\/chamber-concert-with-einav-yarden-and-natalie-clein-kopie\/#primaryimage"},"image":{"@id":"https:\/\/villa-seligmann.de\/en\/product\/chamber-concert-with-einav-yarden-and-natalie-clein-kopie\/#primaryimage"},"thumbnailUrl":"https:\/\/villa-seligmann.de\/wp-content\/uploads\/2025\/01\/Header-Startseite-neue-Website-44-1.jpg","datePublished":"2025-01-27T14:57:39+00:00","dateModified":"2025-11-19T12:46:22+00:00","description":"Chamber concert with Tanja Becker-Bender and Sofya Melikian: The third part of the concert series \"International Soloists at Villa Seligmann\"","breadcrumb":{"@id":"https:\/\/villa-seligmann.de\/en\/product\/chamber-concert-with-einav-yarden-and-natalie-clein-kopie\/#breadcrumb"},"inLanguage":"en-US","potentialAction":[{"@type":"ReadAction","target":["https:\/\/villa-seligmann.de\/en\/product\/chamber-concert-with-einav-yarden-and-natalie-clein-kopie\/"]}]},{"@type":"ImageObject","inLanguage":"en-US","@id":"https:\/\/villa-seligmann.de\/en\/product\/chamber-concert-with-einav-yarden-and-natalie-clein-kopie\/#primaryimage","url":"https:\/\/villa-seligmann.de\/wp-content\/uploads\/2025\/01\/Header-Startseite-neue-Website-44-1.jpg","contentUrl":"https:\/\/villa-seligmann.de\/wp-content\/uploads\/2025\/01\/Header-Startseite-neue-Website-44-1.jpg","width":1920,"height":1080},{"@type":"BreadcrumbList","@id":"https:\/\/villa-seligmann.de\/en\/product\/chamber-concert-with-einav-yarden-and-natalie-clein-kopie\/#breadcrumb","itemListElement":[{"@type":"ListItem","position":1,"name":"Startseite","item":"https:\/\/villa-seligmann.de\/en\/your-address-for-living-jewish-culture-in-hanover\/"},{"@type":"ListItem","position":2,"name":"Store","item":"https:\/\/villa-seligmann.de\/en\/store\/"},{"@type":"ListItem","position":3,"name":"Chamber music concert with Tanja Becker-Bender and Sofya Melikyan"}]},{"@type":"WebSite","@id":"https:\/\/villa-seligmann.de\/en\/#website","url":"https:\/\/villa-seligmann.de\/en\/","name":"Villa Seligmann","description":"","publisher":{"@id":"https:\/\/villa-seligmann.de\/en\/#organization"},"potentialAction":[{"@type":"SearchAction","target":{"@type":"EntryPoint","urlTemplate":"https:\/\/villa-seligmann.de\/en\/?s={search_term_string}"},"query-input":{"@type":"PropertyValueSpecification","valueRequired":true,"valueName":"search_term_string"}}],"inLanguage":"en-US"},{"@type":"Organization","@id":"https:\/\/villa-seligmann.de\/en\/#organization","name":"Siegmund Seligmann Gesellschaft e.V.","url":"https:\/\/villa-seligmann.de\/en\/","logo":{"@type":"ImageObject","inLanguage":"en-US","@id":"https:\/\/villa-seligmann.de\/en\/#\/schema\/logo\/image\/","url":"http:\/\/villa-seligmann.com\/wp-content\/uploads\/2023\/09\/Logo-Villa-Seligmann.svg","contentUrl":"http:\/\/villa-seligmann.com\/wp-content\/uploads\/2023\/09\/Logo-Villa-Seligmann.svg","width":1278,"height":902,"caption":"Siegmund Seligmann Gesellschaft e.V."},"image":{"@id":"https:\/\/villa-seligmann.de\/en\/#\/schema\/logo\/image\/"},"sameAs":["https:\/\/www.facebook.com\/villa.seligmann\/","https:\/\/www.youtube.com\/channel\/UCv0CtyCbwPHMOb-cmdsXcjw","https:\/\/www.instagram.com\/villaseligmann\/"]}]}},"_links":{"self":[{"href":"https:\/\/villa-seligmann.de\/en\/wp-json\/wp\/v2\/product\/44480","targetHints":{"allow":["GET"]}}],"collection":[{"href":"https:\/\/villa-seligmann.de\/en\/wp-json\/wp\/v2\/product"}],"about":[{"href":"https:\/\/villa-seligmann.de\/en\/wp-json\/wp\/v2\/types\/product"}],"replies":[{"embeddable":true,"href":"https:\/\/villa-seligmann.de\/en\/wp-json\/wp\/v2\/comments?post=44480"}],"wp:featuredmedia":[{"embeddable":true,"href":"https:\/\/villa-seligmann.de\/en\/wp-json\/wp\/v2\/media\/44577"}],"wp:attachment":[{"href":"https:\/\/villa-seligmann.de\/en\/wp-json\/wp\/v2\/media?parent=44480"}],"wp:term":[{"taxonomy":"product_brand","embeddable":true,"href":"https:\/\/villa-seligmann.de\/en\/wp-json\/wp\/v2\/product_brand?post=44480"},{"taxonomy":"product_cat","embeddable":true,"href":"https:\/\/villa-seligmann.de\/en\/wp-json\/wp\/v2\/product_cat?post=44480"},{"taxonomy":"product_tag","embeddable":true,"href":"https:\/\/villa-seligmann.de\/en\/wp-json\/wp\/v2\/product_tag?post=44480"}],"curies":[{"name":"wp","href":"https:\/\/api.w.org\/{rel}","templated":true}]}}