{"id":39946,"date":"2024-02-26T11:41:02","date_gmt":"2024-02-26T10:41:02","guid":{"rendered":"https:\/\/villa-seligmann.de\/?post_type=product&#038;p=39946"},"modified":"2025-10-20T10:58:05","modified_gmt":"2025-10-20T08:58:05","slug":"when-music-becomes-home","status":"publish","type":"product","link":"https:\/\/villa-seligmann.de\/en\/product\/when-music-becomes-home\/","title":{"rendered":"When music becomes home"},"content":{"rendered":"<div class=\"wpb-content-wrapper\"><p>[vc_row][vc_column][vc_column_text css=&#8221;&#8221;]<span style=\"color: #ff0000;\">The concert is sold out. You are welcome to put your name on the waiting list by sending an e-mail to karten@villa-seligmann.de. You will be notified if tickets are returned.  <\/span><\/p>\n<hr>\n<p><em>Johannes Fleischmann &#8211; violin<br \/>\nJustus Zeyen &#8211; piano<br \/>\nBenno Ure &#8211; idea and moderation<\/em><\/p>\n<p>Survival and downfall, love and betrayal, winners and losers: in times of oppression and persecution, many musicians leave their homeland and never return. Their fight for life and recognition is also a fight for their music. It is the only thing they have left. It becomes their home, each in their own way.<\/p>\n<p>Johannes Fleischmann, Justus Zeyen and Benno Ure use music and texts to transport us back to the first half of the twentieth century, to times of exile. In the smallest format of chamber music &#8211; violin and piano &#8211; you will find the fascinations and trends of the most diverse period in music history. The presentation places the works in the context of their time and gives their creators a face.<\/p>\n<p>The result is a special interplay, a concert full of discoveries and touching fates: a tribute to great musicians and their music.[\/vc_column_text][\/vc_column][\/vc_row][vc_row][vc_column]        <div class=\"accordion-holder\">\r\n            <div class=\"accordion gap\"\r\n                 id=\"accordion-69f0642ab90d8\">\r\n                        <div class=\"card \">\r\n            <div class=\"card-header\" id=\"heading-69f0642ab90d80\" data-toggle=\"collapse\"\r\n                 data-target=\"#collapse-69f0642ab90d80\" aria-expanded=\"false\"\r\n                 aria-controls=\"collapse-69f0642ab90d80\">\r\n                <h4>Zu den K\u00fcnstlerbiografien<\/h4>\r\n                <div class=\"arrow\"><\/div>\r\n            <\/div>\r\n            <div id=\"collapse-69f0642ab90d80\" class=\"collapse\" aria-labelledby=\"heading-69f0642ab90d80\"\r\n                 data-parent=\"#accordion-69f0642ab90d8\">\r\n                <div class=\"card-body\"><\/p>\n<h6><a href=\"https:\/\/www.johannesfleischmann.at\"><strong>Johannes Fleischmann<\/strong><\/a><\/h6>\n<p>In eine musikalische Familie in Wien geboren, \u00fcberzeugt Johannes Fleischmann national wie international als \u201eDer Wiener Geiger\u201c mit einem beeindruckenden Repertoire. Diese Vielf\u00e4ltigkeit und seine Leidenschaft f\u00fcr Kammermusik zeigt sich in kontinuierlichen Kollaborationen mit namhaften Musikerinnen und Musikern. Auf sein Solodebut im Wiener Konzerthaus folgten zahlreiche internationale Tourneen sowie die Ernennung zum Kulturbotschafter durch das \u00f6sterreichische Au\u00dfenministerium. Johannes Fleischmann unterrichtet an der Universit\u00e4t f\u00fcr Musik und darstellende Kunst Wien als Assistent von Elisabeth Kropfitsch und ist Gr\u00fcnder und k\u00fcnstlerischer Leiter der Palais Coburg Matinee sowie der \u201eAlthofener Meisterklassen\u201c in K\u00e4rnten.<\/p>\n<h6><a href=\"https:\/\/de.wikipedia.org\/wiki\/Justus_Zeyen\"><strong>Justus Zeyen<\/strong><\/a><\/h6>\n<p>Geboren in Kiel, nahm Justus Zeyen zun\u00e4chst Klavierunterricht bei Cord Garben, bevor er in Hannover u.a. bei Karl Engel und Bernhard Ebert studierte. Konzerte als Solist und Kammermusiker, haupts\u00e4chlich aber als Liedpianist, f\u00fchren Justus Zeyen durch Europa, die Amerika und Japan. S\u00e4mtliche CD Ver\u00f6ffentlichungen bei der Deutschen Grammophon Gesellschaft wurden mit mehreren Preisen wie dem Echo Klassik, Cannes Award, Preis der Deutschen Schallplattenkritik und Grammy Nominierungen ausgezeichnet. Justus Zeyen ist Professor f\u00fcr Liedgestaltung f\u00fcr S\u00e4ngerInnen und PianistInnen an der Universit\u00e4t f\u00fcr Musik und Darstellende Kunst Wien.<\/p>\n<h6><a href=\"https:\/\/de.wikipedia.org\/wiki\/Benno_Ure\"><strong>Benno Ure<\/strong><\/a><\/h6>\n<p>Seit vielen Jahren tr\u00e4gt Benno Ure vergessene Noten zusammen, verfasst Texte und moderiert Kammermusikveranstaltungen. Als Ko-Autor verfasste er das Buch \u201eTasten, T\u00f6ne und Tumulte\u201c, das von der Kritik mit Begeisterung aufgenommen und ein Bestseller wurde. Gemeinsam mit der Violinistin Marietta Kratz vom Elbphilharmonieorchester gr\u00fcndete er das \u201eProjekt Vergessene Noten\u201c, an dem zahlreiche Musikerinnen und Musiker seit mehr als zehn Jahren mit mehr als 20 Programmen beteiligt waren und sind. Bis 2023 war Benno Ure Professor f\u00fcr Kinderchirurgie an der Medizinischen Hochschule Hannover.<\/p>\n                <\/div>\r\n            <\/div>\r\n        <\/div>\r\n                    <\/div>\r\n                    <\/div>\r\n        [vc_column_text css=&#8221;&#8221;]<em>Tickets 20\/14 (reduced 8) euros. Due to the limited number of places available, please register in advance in our webshop, by e-mail to <a target=\"_blank\" rel=\"noopener\">karten@villa-seligmann.de or<\/a>by telephone on 0511-844 887 200.<\/em><\/p>\n<p><span style=\"color: #999999;\"><em><br \/>\nPlease note that we will be taking photos and videos during this event. The image material will be published on our website and\/or social media channels and used for press work. By participating, visitors to this event agree to this.<\/em><\/span><\/p>\n<p>&nbsp;<\/p>\n<p>The event is being held in cooperation with the Konrad Adenauer Foundation.<\/p>\n<p><em><img loading=\"lazy\" decoding=\"async\" class=\"\" src=\"https:\/\/upload.wikimedia.org\/wikipedia\/commons\/thumb\/8\/8f\/Konrad-Adenauer-Stiftung_logo.svg\/800px-Konrad-Adenauer-Stiftung_logo.svg.png\" srcset=\"https:\/\/upload.wikimedia.org\/wikipedia\/commons\/thumb\/8\/8f\/Konrad-Adenauer-Stiftung_logo.svg\/1200px-Konrad-Adenauer-Stiftung_logo.svg.png 1.5x, https:\/\/upload.wikimedia.org\/wikipedia\/commons\/thumb\/8\/8f\/Konrad-Adenauer-Stiftung_logo.svg\/1600px-Konrad-Adenauer-Stiftung_logo.svg.png 2x\" alt=\"File:Konrad-Adenauer-Stiftung logo.svg\" width=\"347\" height=\"110\" data-file-width=\"1024\" data-file-height=\"325\"><\/em>[\/vc_column_text][vc_separator css=&#8221;&#8221;][\/vc_column][\/vc_row][vc_row][vc_column width=&#8221;1\/2&#8243;]        <div class=\"row\">\r\n            <div class=\"col-12 \">\r\n                                <a\r\n                                            href=\"https:\/\/villa-seligmann.de\/product\/bach\/\"\r\n                        target=\"\"\r\n                        rel=\"\"\r\n                        aria-label=\"Link zu https:\/\/villa-seligmann.de\/product\/bach\/ \u00f6ffnen\"\r\n                        class=\"btn btn-default btn-  btn-69f0642ab91cd\"\r\n                >\r\n                    Vorherige Veranstaltung                <\/a>\r\n            <\/div>\r\n        <\/div>\r\n        [\/vc_column][vc_column width=&#8221;1\/2&#8243;][\/vc_column][\/vc_row][vc_column][\/vc_column]<\/p>\n<\/div>","protected":false},"excerpt":{"rendered":"<p><strong>Survival and downfall, love and betrayal, winners and losers <\/strong><\/p>\n<p>Chamber music from the period 1907-1950 and lecture<\/p>\n","protected":false},"featured_media":40394,"comment_status":"open","ping_status":"closed","template":"","meta":{"_acf_changed":false},"product_brand":[],"product_cat":[197,178,186],"product_tag":[187,188,384,385,183],"class_list":{"0":"post-39946","1":"product","2":"type-product","3":"status-publish","4":"has-post-thumbnail","6":"product_cat-readings-lectures","7":"product_cat-events","8":"product_cat-concerts","9":"product_tag-concert","10":"product_tag-culture","11":"product_tag-violin","12":"product_tag-piano","13":"product_tag-music","15":"first","16":"outofstock","17":"taxable","18":"shipping-taxable","19":"purchasable","20":"product-type-variable"},"acf":[],"yoast_head":"<!-- This site is optimized with the Yoast SEO plugin v27.2 - https:\/\/yoast.com\/product\/yoast-seo-wordpress\/ -->\n<title>When music becomes home - Villa Seligmann<\/title>\n<meta name=\"description\" content=\"Survival and downfall, love and betrayal, winners and losers: in times of oppression and persecution, many musicians leave their homeland. Music is the only thing they have left. It becomes their home, each in their own way.\" \/>\n<meta name=\"robots\" content=\"index, follow, max-snippet:-1, max-image-preview:large, max-video-preview:-1\" \/>\n<link rel=\"canonical\" href=\"https:\/\/villa-seligmann.de\/en\/product\/when-music-becomes-home\/\" \/>\n<meta property=\"og:locale\" content=\"en_US\" \/>\n<meta property=\"og:type\" content=\"article\" \/>\n<meta property=\"og:title\" content=\"When music becomes home - Villa Seligmann\" \/>\n<meta property=\"og:description\" content=\"Survival and downfall, love and betrayal, winners and losers: in times of oppression and persecution, many musicians leave their homeland. Music is the only thing they have left. It becomes their home, each in their own way.\" \/>\n<meta property=\"og:url\" content=\"https:\/\/villa-seligmann.de\/en\/product\/when-music-becomes-home\/\" \/>\n<meta property=\"og:site_name\" content=\"Villa Seligmann\" \/>\n<meta property=\"article:publisher\" content=\"https:\/\/www.facebook.com\/villa.seligmann\/\" \/>\n<meta property=\"article:modified_time\" content=\"2025-10-20T08:58:05+00:00\" \/>\n<meta property=\"og:image\" content=\"https:\/\/villa-seligmann.de\/wp-content\/uploads\/2024\/02\/Wenn-Musik-zur-Heimat-wird.jpg\" \/>\n\t<meta property=\"og:image:width\" content=\"1600\" \/>\n\t<meta property=\"og:image:height\" content=\"900\" \/>\n\t<meta property=\"og:image:type\" content=\"image\/jpeg\" \/>\n<meta name=\"twitter:card\" content=\"summary_large_image\" \/>\n<meta name=\"twitter:label1\" content=\"Est. reading time\" \/>\n\t<meta name=\"twitter:data1\" content=\"4 minutes\" \/>\n<script type=\"application\/ld+json\" class=\"yoast-schema-graph\">{\"@context\":\"https:\/\/schema.org\",\"@graph\":[{\"@type\":\"WebPage\",\"@id\":\"https:\/\/villa-seligmann.de\/en\/product\/when-music-becomes-home\/\",\"url\":\"https:\/\/villa-seligmann.de\/en\/product\/when-music-becomes-home\/\",\"name\":\"When music becomes home - Villa Seligmann\",\"isPartOf\":{\"@id\":\"https:\/\/villa-seligmann.de\/en\/#website\"},\"primaryImageOfPage\":{\"@id\":\"https:\/\/villa-seligmann.de\/en\/product\/when-music-becomes-home\/#primaryimage\"},\"image\":{\"@id\":\"https:\/\/villa-seligmann.de\/en\/product\/when-music-becomes-home\/#primaryimage\"},\"thumbnailUrl\":\"https:\/\/villa-seligmann.de\/wp-content\/uploads\/2024\/02\/Wenn-Musik-zur-Heimat-wird.jpg\",\"datePublished\":\"2024-02-26T10:41:02+00:00\",\"dateModified\":\"2025-10-20T08:58:05+00:00\",\"description\":\"Survival and downfall, love and betrayal, winners and losers: in times of oppression and persecution, many musicians leave their homeland. Music is the only thing they have left. It becomes their home, each in their own way.\",\"breadcrumb\":{\"@id\":\"https:\/\/villa-seligmann.de\/en\/product\/when-music-becomes-home\/#breadcrumb\"},\"inLanguage\":\"en-US\",\"potentialAction\":[{\"@type\":\"ReadAction\",\"target\":[\"https:\/\/villa-seligmann.de\/en\/product\/when-music-becomes-home\/\"]}]},{\"@type\":\"ImageObject\",\"inLanguage\":\"en-US\",\"@id\":\"https:\/\/villa-seligmann.de\/en\/product\/when-music-becomes-home\/#primaryimage\",\"url\":\"https:\/\/villa-seligmann.de\/wp-content\/uploads\/2024\/02\/Wenn-Musik-zur-Heimat-wird.jpg\",\"contentUrl\":\"https:\/\/villa-seligmann.de\/wp-content\/uploads\/2024\/02\/Wenn-Musik-zur-Heimat-wird.jpg\",\"width\":1600,\"height\":900},{\"@type\":\"BreadcrumbList\",\"@id\":\"https:\/\/villa-seligmann.de\/en\/product\/when-music-becomes-home\/#breadcrumb\",\"itemListElement\":[{\"@type\":\"ListItem\",\"position\":1,\"name\":\"Startseite\",\"item\":\"https:\/\/villa-seligmann.de\/en\/your-address-for-living-jewish-culture-in-hanover\/\"},{\"@type\":\"ListItem\",\"position\":2,\"name\":\"Store\",\"item\":\"https:\/\/villa-seligmann.de\/en\/store\/\"},{\"@type\":\"ListItem\",\"position\":3,\"name\":\"When music becomes home\"}]},{\"@type\":\"WebSite\",\"@id\":\"https:\/\/villa-seligmann.de\/en\/#website\",\"url\":\"https:\/\/villa-seligmann.de\/en\/\",\"name\":\"Villa Seligmann\",\"description\":\"\",\"publisher\":{\"@id\":\"https:\/\/villa-seligmann.de\/en\/#organization\"},\"potentialAction\":[{\"@type\":\"SearchAction\",\"target\":{\"@type\":\"EntryPoint\",\"urlTemplate\":\"https:\/\/villa-seligmann.de\/en\/?s={search_term_string}\"},\"query-input\":{\"@type\":\"PropertyValueSpecification\",\"valueRequired\":true,\"valueName\":\"search_term_string\"}}],\"inLanguage\":\"en-US\"},{\"@type\":\"Organization\",\"@id\":\"https:\/\/villa-seligmann.de\/en\/#organization\",\"name\":\"Siegmund Seligmann Gesellschaft e.V.\",\"url\":\"https:\/\/villa-seligmann.de\/en\/\",\"logo\":{\"@type\":\"ImageObject\",\"inLanguage\":\"en-US\",\"@id\":\"https:\/\/villa-seligmann.de\/en\/#\/schema\/logo\/image\/\",\"url\":\"http:\/\/villa-seligmann.com\/wp-content\/uploads\/2023\/09\/Logo-Villa-Seligmann.svg\",\"contentUrl\":\"http:\/\/villa-seligmann.com\/wp-content\/uploads\/2023\/09\/Logo-Villa-Seligmann.svg\",\"width\":1278,\"height\":902,\"caption\":\"Siegmund Seligmann Gesellschaft e.V.\"},\"image\":{\"@id\":\"https:\/\/villa-seligmann.de\/en\/#\/schema\/logo\/image\/\"},\"sameAs\":[\"https:\/\/www.facebook.com\/villa.seligmann\/\",\"https:\/\/www.youtube.com\/channel\/UCv0CtyCbwPHMOb-cmdsXcjw\",\"https:\/\/www.instagram.com\/villaseligmann\/\"]}]}<\/script>\n<!-- \/ Yoast SEO plugin. -->","yoast_head_json":{"title":"When music becomes home - Villa Seligmann","description":"Survival and downfall, love and betrayal, winners and losers: in times of oppression and persecution, many musicians leave their homeland. Music is the only thing they have left. It becomes their home, each in their own way.","robots":{"index":"index","follow":"follow","max-snippet":"max-snippet:-1","max-image-preview":"max-image-preview:large","max-video-preview":"max-video-preview:-1"},"canonical":"https:\/\/villa-seligmann.de\/en\/product\/when-music-becomes-home\/","og_locale":"en_US","og_type":"article","og_title":"When music becomes home - Villa Seligmann","og_description":"Survival and downfall, love and betrayal, winners and losers: in times of oppression and persecution, many musicians leave their homeland. Music is the only thing they have left. It becomes their home, each in their own way.","og_url":"https:\/\/villa-seligmann.de\/en\/product\/when-music-becomes-home\/","og_site_name":"Villa Seligmann","article_publisher":"https:\/\/www.facebook.com\/villa.seligmann\/","article_modified_time":"2025-10-20T08:58:05+00:00","og_image":[{"width":1600,"height":900,"url":"https:\/\/villa-seligmann.de\/wp-content\/uploads\/2024\/02\/Wenn-Musik-zur-Heimat-wird.jpg","type":"image\/jpeg"}],"twitter_card":"summary_large_image","twitter_misc":{"Est. reading time":"4 minutes"},"schema":{"@context":"https:\/\/schema.org","@graph":[{"@type":"WebPage","@id":"https:\/\/villa-seligmann.de\/en\/product\/when-music-becomes-home\/","url":"https:\/\/villa-seligmann.de\/en\/product\/when-music-becomes-home\/","name":"When music becomes home - Villa Seligmann","isPartOf":{"@id":"https:\/\/villa-seligmann.de\/en\/#website"},"primaryImageOfPage":{"@id":"https:\/\/villa-seligmann.de\/en\/product\/when-music-becomes-home\/#primaryimage"},"image":{"@id":"https:\/\/villa-seligmann.de\/en\/product\/when-music-becomes-home\/#primaryimage"},"thumbnailUrl":"https:\/\/villa-seligmann.de\/wp-content\/uploads\/2024\/02\/Wenn-Musik-zur-Heimat-wird.jpg","datePublished":"2024-02-26T10:41:02+00:00","dateModified":"2025-10-20T08:58:05+00:00","description":"Survival and downfall, love and betrayal, winners and losers: in times of oppression and persecution, many musicians leave their homeland. Music is the only thing they have left. It becomes their home, each in their own way.","breadcrumb":{"@id":"https:\/\/villa-seligmann.de\/en\/product\/when-music-becomes-home\/#breadcrumb"},"inLanguage":"en-US","potentialAction":[{"@type":"ReadAction","target":["https:\/\/villa-seligmann.de\/en\/product\/when-music-becomes-home\/"]}]},{"@type":"ImageObject","inLanguage":"en-US","@id":"https:\/\/villa-seligmann.de\/en\/product\/when-music-becomes-home\/#primaryimage","url":"https:\/\/villa-seligmann.de\/wp-content\/uploads\/2024\/02\/Wenn-Musik-zur-Heimat-wird.jpg","contentUrl":"https:\/\/villa-seligmann.de\/wp-content\/uploads\/2024\/02\/Wenn-Musik-zur-Heimat-wird.jpg","width":1600,"height":900},{"@type":"BreadcrumbList","@id":"https:\/\/villa-seligmann.de\/en\/product\/when-music-becomes-home\/#breadcrumb","itemListElement":[{"@type":"ListItem","position":1,"name":"Startseite","item":"https:\/\/villa-seligmann.de\/en\/your-address-for-living-jewish-culture-in-hanover\/"},{"@type":"ListItem","position":2,"name":"Store","item":"https:\/\/villa-seligmann.de\/en\/store\/"},{"@type":"ListItem","position":3,"name":"When music becomes home"}]},{"@type":"WebSite","@id":"https:\/\/villa-seligmann.de\/en\/#website","url":"https:\/\/villa-seligmann.de\/en\/","name":"Villa Seligmann","description":"","publisher":{"@id":"https:\/\/villa-seligmann.de\/en\/#organization"},"potentialAction":[{"@type":"SearchAction","target":{"@type":"EntryPoint","urlTemplate":"https:\/\/villa-seligmann.de\/en\/?s={search_term_string}"},"query-input":{"@type":"PropertyValueSpecification","valueRequired":true,"valueName":"search_term_string"}}],"inLanguage":"en-US"},{"@type":"Organization","@id":"https:\/\/villa-seligmann.de\/en\/#organization","name":"Siegmund Seligmann Gesellschaft e.V.","url":"https:\/\/villa-seligmann.de\/en\/","logo":{"@type":"ImageObject","inLanguage":"en-US","@id":"https:\/\/villa-seligmann.de\/en\/#\/schema\/logo\/image\/","url":"http:\/\/villa-seligmann.com\/wp-content\/uploads\/2023\/09\/Logo-Villa-Seligmann.svg","contentUrl":"http:\/\/villa-seligmann.com\/wp-content\/uploads\/2023\/09\/Logo-Villa-Seligmann.svg","width":1278,"height":902,"caption":"Siegmund Seligmann Gesellschaft e.V."},"image":{"@id":"https:\/\/villa-seligmann.de\/en\/#\/schema\/logo\/image\/"},"sameAs":["https:\/\/www.facebook.com\/villa.seligmann\/","https:\/\/www.youtube.com\/channel\/UCv0CtyCbwPHMOb-cmdsXcjw","https:\/\/www.instagram.com\/villaseligmann\/"]}]}},"_links":{"self":[{"href":"https:\/\/villa-seligmann.de\/en\/wp-json\/wp\/v2\/product\/39946","targetHints":{"allow":["GET"]}}],"collection":[{"href":"https:\/\/villa-seligmann.de\/en\/wp-json\/wp\/v2\/product"}],"about":[{"href":"https:\/\/villa-seligmann.de\/en\/wp-json\/wp\/v2\/types\/product"}],"replies":[{"embeddable":true,"href":"https:\/\/villa-seligmann.de\/en\/wp-json\/wp\/v2\/comments?post=39946"}],"wp:featuredmedia":[{"embeddable":true,"href":"https:\/\/villa-seligmann.de\/en\/wp-json\/wp\/v2\/media\/40394"}],"wp:attachment":[{"href":"https:\/\/villa-seligmann.de\/en\/wp-json\/wp\/v2\/media?parent=39946"}],"wp:term":[{"taxonomy":"product_brand","embeddable":true,"href":"https:\/\/villa-seligmann.de\/en\/wp-json\/wp\/v2\/product_brand?post=39946"},{"taxonomy":"product_cat","embeddable":true,"href":"https:\/\/villa-seligmann.de\/en\/wp-json\/wp\/v2\/product_cat?post=39946"},{"taxonomy":"product_tag","embeddable":true,"href":"https:\/\/villa-seligmann.de\/en\/wp-json\/wp\/v2\/product_tag?post=39946"}],"curies":[{"name":"wp","href":"https:\/\/api.w.org\/{rel}","templated":true}]}}